{"id":2433,"date":"2026-08-28T19:40:10","date_gmt":"2026-08-28T17:40:10","guid":{"rendered":"https:\/\/afaamistat.cat\/?page_id=2433"},"modified":"2026-08-30T17:57:00","modified_gmt":"2026-08-30T15:57:00","slug":"extraescolars-2026-2027-oferta-inicial","status":"publish","type":"page","link":"https:\/\/afaamistat.cat\/index.php\/extraescolars-2026-2027-oferta-inicial\/","title":{"rendered":"Extraescolars 2026\/2027 &#8211; Oferta inicial"},"content":{"rendered":"\n<h2 class=\"wp-block-heading has-text-align-center has-large-font-size\" style=\"font-style:normal;font-weight:700\">Oferta d&#8217;activitats Extraescolars pel curs 2026\/27<\/h2>\n\n\n\n<div style=\"height:20px\" aria-hidden=\"true\" class=\"wp-block-spacer\"><\/div>\n\n\n\n<h2 class=\"wp-block-heading\"><strong>Extraescolars de Migdia<\/strong><\/h2>\n\n\n\n<figure class=\"wp-block-table is-style-regular\"><table class=\"has-ast-global-color-6-background-color has-background\"><tbody><tr><td class=\"has-text-align-center\" data-align=\"center\"><strong>HORARI\/CURS<\/strong><\/td><td class=\"has-text-align-center\" data-align=\"center\"><strong>DILLUNS<\/strong><\/td><td class=\"has-text-align-center\" data-align=\"center\"><strong>DIMARTS<\/strong><\/td><td class=\"has-text-align-center\" data-align=\"center\"><strong>DIMECRES<\/strong><\/td><td class=\"has-text-align-center\" data-align=\"center\"><strong>DIJOUS<\/strong><\/td><td class=\"has-text-align-center\" data-align=\"center\"><strong>DIVENDRES<\/strong><\/td><\/tr><tr><td class=\"has-text-align-center\" data-align=\"center\"><strong>12:00 &#8211; 13:00<\/strong><\/td><td class=\"has-text-align-center\" data-align=\"center\"><a href=\"#teatre\">TEATRE<\/a><br>(4t-6\u00e8)<\/td><td class=\"has-text-align-center\" data-align=\"center\"><a href=\"#robotica\">ROB\u00d2TICA<\/a><br>(1r-3r)<\/td><td class=\"has-text-align-center\" data-align=\"center\"><\/td><td class=\"has-text-align-center\" data-align=\"center\"><a href=\"#robotica\">ROB\u00d2TICA<\/a><br>(4t-6\u00e8)<br><br><a href=\"#escacs\">ESCACS<\/a><br>(4t-6\u00e8)<\/td><td class=\"has-text-align-center\" data-align=\"center\"><a href=\"#art\">TALLER D&#8217;ART<\/a><br>(i5-2n)<\/td><\/tr><tr><td class=\"has-text-align-center\" data-align=\"center\"><strong>13:00 &#8211; 14:00<\/strong><\/td><td class=\"has-text-align-center\" data-align=\"center\"><a href=\"#petits-musics\">PETITS M\u00daSICS<\/a><br>(i3-i5)<\/td><td class=\"has-text-align-center\" data-align=\"center\"><a href=\"#angles\">ANGL\u00c8S<\/a><br>(i3-i5)<br><br><a href=\"#ukelele\">UKELELE<\/a><br>(4t)<\/td><td class=\"has-text-align-center\" data-align=\"center\"><a href=\"#angles\">ANGL\u00c8S<\/a><br>(1r-3r)<\/td><td class=\"has-text-align-center\" data-align=\"center\"><a href=\"#robotica\">ROB\u00d2TICA<\/a><br>(4t-6\u00e8)<br><br><a href=\"#la-pla\u00e7a\">POTI POTI<\/a><br>(i3-i5)<\/td><td class=\"has-text-align-center\" data-align=\"center\"><a href=\"#art\">TALLER D&#8217;ART<\/a><br>(3r-6\u00e8)<br><br><a href=\"#ukelele\">UKELELE<\/a><br>(6\u00e8)<\/td><\/tr><tr><td class=\"has-text-align-center\" data-align=\"center\"><strong>14:00 &#8211; 15:00<\/strong><\/td><td class=\"has-text-align-center\" data-align=\"center\"><a href=\"#robotica\">ROB\u00d2TICA<\/a><br>(i3-i5)<br><br><a href=\"#la-pla\u00e7a\" data-type=\"internal\" data-id=\"#la-pla\u00e7a\">DANSA<\/a><br>(1r-6\u00e8)<\/td><td class=\"has-text-align-center\" data-align=\"center\"><a href=\"#teatre\">TEATRE<\/a><br>(i3-i5)<br><br><a href=\"#ukelele\">UKELELE<\/a><br>(5\u00e8)<\/td><td class=\"has-text-align-center\" data-align=\"center\"><br><a href=\"#angles\"><br>ANGL\u00c8S<\/a><br>(i3-i5)<\/td><td class=\"has-text-align-center\" data-align=\"center\"><a href=\"#escacs\">ESCACS<\/a><br>(1r-3r)<br><br><a href=\"#la-pla\u00e7a\">CIRC<\/a><br>(3r-6\u00e8)<\/td><td class=\"has-text-align-center\" data-align=\"center\"><\/td><\/tr><\/tbody><\/table><\/figure>\n\n\n\n<p class=\"wp-block-paragraph\">Alguns dels horaris s\u00f3n aproximats, ja que els inicis s\u00f3n amb espais de 30 minuts entre una hora i altra, per\u00f2 podem confirmar que les \u00faniques activitats que se solapen s\u00f3n Taller d&#8217;art de 3r-6\u00e8 (13:30 &#8211; 14:30) amb Ukelele de 6\u00e8 (12:45 &#8211; 13:45). Per a m\u00e9s informaci\u00f3, podeu enviar un correu a comunicacio@afaamistat.cat<\/p>\n\n\n\n<div style=\"height:30px\" aria-hidden=\"true\" class=\"wp-block-spacer\"><\/div>\n\n\n\n<h2 class=\"wp-block-heading\"><strong>Extraescolars de Tardes<\/strong><\/h2>\n\n\n\n<figure class=\"wp-block-table\"><table class=\"has-background\" style=\"background-color:#1de1bf66\"><tbody><tr><td class=\"has-text-align-center\" data-align=\"center\"><strong>HORARI<\/strong><\/td><td class=\"has-text-align-center\" data-align=\"center\"><strong>DILLUNS<\/strong><\/td><td class=\"has-text-align-center\" data-align=\"center\"><strong>DIMARTS<\/strong><\/td><td class=\"has-text-align-center\" data-align=\"center\"><strong>DIMECRES<\/strong><\/td><td class=\"has-text-align-center\" data-align=\"center\"><strong>DIJOUS<\/strong><\/td><td class=\"has-text-align-center\" data-align=\"center\"><strong>DIVENDRES<\/strong><\/td><\/tr><tr><td class=\"has-text-align-center\" data-align=\"center\"><strong><strong>16:30 &#8211; 1<\/strong>7:30<\/strong><\/td><td class=\"has-text-align-center\" data-align=\"center\"><\/td><td class=\"has-text-align-center\" data-align=\"center\"><\/td><td class=\"has-text-align-center\" data-align=\"center\"><\/td><td class=\"has-text-align-center\" data-align=\"center\"><a href=\"#patinatge\">PATINATGE ART\u00cdSTIC<\/a><\/td><td class=\"has-text-align-center\" data-align=\"center\"><\/td><\/tr><tr><td class=\"has-text-align-center\" data-align=\"center\"><strong><strong>16:30 &#8211; 1<\/strong>8:00<\/strong><\/td><td class=\"has-text-align-center\" data-align=\"center\"><\/td><td class=\"has-text-align-center\" data-align=\"center\"><a href=\"#basket\">B\u00c0SQUET<\/a><\/td><td class=\"has-text-align-center\" data-align=\"center\"><\/td><td class=\"has-text-align-center\" data-align=\"center\"><\/td><td class=\"has-text-align-center\" data-align=\"center\"><a href=\"#judo\">JUDO<\/a><\/td><\/tr><\/tbody><\/table><\/figure>\n\n\n\n<hr class=\"wp-block-separator has-text-color has-black-color has-alpha-channel-opacity has-black-background-color has-background is-style-wide\"\/>\n\n\n\n<p class=\"has-text-align-center wp-block-paragraph\">Les activitats comen\u00e7aran el proper&nbsp;28 de setembre. Teniu temps per apuntar-vos-hi fins al&nbsp;20 de setembre.<\/p>\n\n\n\n<p class=\"has-text-align-center wp-block-paragraph\">* Totes les activitats poden ser objecte de canvis segons les necessitats o requeriments dels qui les ofereixen i dels seus participants.<\/p>\n\n\n\n<div class=\"wp-block-buttons is-content-justification-center is-layout-flex wp-container-core-buttons-is-layout-3e41869c wp-block-buttons-is-layout-flex\">\n<div class=\"wp-block-button has-custom-width wp-block-button__width-75 has-custom-font-size is-style-fill has-large-font-size aligncenter\"><a class=\"wp-block-button__link has-white-color has-black-background-color has-text-color has-background has-link-color wp-element-button\" href=\"http:\/\/afaamistat.cat\/index.php\/socia\/\" target=\"_blank\" rel=\"noreferrer noopener\">FES-TE SOCI<\/a><\/div>\n<\/div>\n\n\n\n<div style=\"height:21px\" aria-hidden=\"true\" class=\"wp-block-spacer\"><\/div>\n\n\n\n<hr class=\"wp-block-separator has-text-color has-black-color has-alpha-channel-opacity has-black-background-color has-background is-style-wide\"\/>\n\n\n\n<div class=\"wp-block-columns alignwide is-style-default is-layout-flex wp-container-core-columns-is-layout-7387b849 wp-block-columns-is-layout-flex\">\n<div class=\"wp-block-column has-text-color has-background has-link-color wp-elements-1 is-layout-flow wp-block-column-is-layout-flow\" style=\"color:#000000;background-color:#acc1d3;padding-top:2em;padding-right:2em;padding-bottom:2em;padding-left:2em\">\n<h2 id=\"basket\" class=\"wp-block-heading has-black-color has-text-color\" style=\"font-size:40px\"><strong>B\u00e0squet<\/strong><\/h2>\n\n\n\n<p class=\"has-normal-font-size wp-block-paragraph\" style=\"line-height:1.5\"><strong>Gaudeix i apr\u00e8n a jugar en equip!<\/strong> <\/p>\n\n\n\n<hr class=\"wp-block-separator has-text-color has-css-opacity has-background is-style-wide\" style=\"background-color:#000000;color:#000000\"\/>\n\n\n\n<figure class=\"wp-block-image aligncenter size-full\"><img loading=\"lazy\" decoding=\"async\" width=\"306\" height=\"123\" src=\"http:\/\/afaamistat.cat\/wp-content\/uploads\/2022\/06\/laceba.png\" alt=\"\" class=\"wp-image-1029\" srcset=\"https:\/\/afaamistat.cat\/wp-content\/uploads\/2022\/06\/laceba.png 306w, https:\/\/afaamistat.cat\/wp-content\/uploads\/2022\/06\/laceba-300x121.png 300w\" sizes=\"auto, (max-width: 306px) 100vw, 306px\" \/><\/figure>\n\n\n\n<ul class=\"wp-block-list has-normal-font-size\">\n<li>Empresa: La Ceba \/ Adepaf<\/li>\n\n\n\n<li>Edats: de i5 a 2n<\/li>\n\n\n\n<li>Preu: 27\u20ac\/mes + 35\u20ac d&#8217;equipaci\u00f3 <\/li>\n\n\n\n<li>Horaris: Dimarts de 16:30 a 18:00<\/li>\n<\/ul>\n\n\n\n<p class=\"wp-block-paragraph\">*Aquesta activitat forma part del pla Entorn de Figueres i est\u00e0 subvencionada. Per aquest motiu, per aquesta extraescolar no cal ser soci de l&#8217;AFA.<\/p>\n\n\n\n<p class=\"wp-block-paragraph\"><strong>Inscripcions:<br>Mail: laceba@basquetnord.cat<br>Telf: 608.199.743<\/strong><\/p>\n<\/div>\n\n\n\n<div class=\"wp-block-column has-ast-global-color-5-color has-vivid-red-background-color has-text-color has-background has-link-color wp-elements-2 is-layout-flow wp-block-column-is-layout-flow\" style=\"padding-top:2em;padding-right:2em;padding-bottom:2em;padding-left:2em\">\n<h2 id=\"la-pla\u00e7a\" class=\"wp-block-heading has-ast-global-color-5-color has-text-color\" style=\"font-size:40px\"><strong>Circ<\/strong>, Dansa i Poti poti<\/h2>\n\n\n\n<p class=\"wp-block-paragraph\">Un espai per jugar, crear, moure\u2019s i descobrir-se a trav\u00e9s del cos, l\u2019art, la m\u00fasica i el circ. Atreveix-te a provar, expressar-te i descobrir tot el que ets capa\u00e7 de fer!<\/p>\n\n\n\n<hr class=\"wp-block-separator has-text-color has-black-color has-css-opacity has-black-background-color has-background is-style-wide\"\/>\n\n\n\n<figure class=\"wp-block-image aligncenter size-full is-resized\"><img loading=\"lazy\" decoding=\"async\" width=\"1524\" height=\"978\" src=\"https:\/\/afaamistat.cat\/wp-content\/uploads\/2026\/08\/Logo-La-Placa.jpeg\" alt=\"\" class=\"wp-image-2436\" style=\"width:177px;height:auto\" srcset=\"https:\/\/afaamistat.cat\/wp-content\/uploads\/2026\/08\/Logo-La-Placa.jpeg 1524w, https:\/\/afaamistat.cat\/wp-content\/uploads\/2026\/08\/Logo-La-Placa-300x193.jpeg 300w, https:\/\/afaamistat.cat\/wp-content\/uploads\/2026\/08\/Logo-La-Placa-767x492.jpeg 767w, https:\/\/afaamistat.cat\/wp-content\/uploads\/2026\/08\/Logo-La-Placa-1024x657.jpeg 1024w\" sizes=\"auto, (max-width: 1524px) 100vw, 1524px\" \/><\/figure>\n\n\n\n<ul class=\"wp-block-list has-normal-font-size\">\n<li>Empresa: La Pla\u00e7a<\/li>\n\n\n\n<li>Edats: de i3 a 6\u00e8<\/li>\n\n\n\n<li>Preu: 30\u20ac\/mes + 15\u20ac anuals de matr\u00edcula<\/li>\n\n\n\n<li>Horaris: Dilluns i Dijous al migdia<\/li>\n<\/ul>\n\n\n\n<p class=\"wp-block-paragraph\"><strong>Inscripcions:<\/strong><\/p>\n\n\n\n<div class=\"wp-block-buttons is-layout-flex wp-block-buttons-is-layout-flex\">\n<div style=\"--wp--block-button--width: 100;\" class=\"wp-block-button has-custom-width wp-block-button__width wp-block-button__width-100\"><a class=\"wp-block-button__link has-ast-global-color-5-color has-black-background-color has-text-color has-background has-link-color wp-element-button\" href=\"https:\/\/forms.gle\/Nw3Q3h79qDp3FMao6\">Inscripci\u00f3 Poti Poti (i3 &#8211; i5)<\/a><\/div>\n\n\n\n<div style=\"--wp--block-button--width: 100;\" class=\"wp-block-button has-custom-width wp-block-button__width wp-block-button__width-100\"><a class=\"wp-block-button__link has-ast-global-color-5-color has-black-background-color has-text-color has-background has-link-color wp-element-button\" href=\"https:\/\/forms.gle\/B5r7neRaKQ84knmcA\">Inscripci\u00f3 Dansa (1r &#8211; 6\u00e8)<\/a><\/div>\n\n\n\n<div style=\"--wp--block-button--width: 100;\" class=\"wp-block-button has-custom-width wp-block-button__width wp-block-button__width-100\"><a class=\"wp-block-button__link has-ast-global-color-5-color has-black-background-color has-text-color has-background has-link-color wp-element-button\" href=\"https:\/\/forms.gle\/bJDc7XEZu1t8yJLp7\">Inscripci\u00f3 Circ (3r &#8211; 6\u00e8)<\/a><\/div>\n<\/div>\n<\/div>\n\n\n\n<div class=\"wp-block-column has-pale-cyan-blue-background-color has-text-color has-background has-link-color wp-elements-3 is-layout-flow wp-block-column-is-layout-flow\" style=\"color:#000000;padding-top:2em;padding-right:2em;padding-bottom:2em;padding-left:2em\">\n<h2 id=\"patinatge\" class=\"wp-block-heading has-black-color has-text-color\" style=\"font-size:40px\"><strong>Patinat<\/strong>ge art\u00edstic<\/h2>\n\n\n\n<p class=\"has-normal-font-size wp-block-paragraph\" style=\"line-height:1.5\"><strong>Expressa&#8217;t i diverteix-te sobre rodes!<\/strong><\/p>\n\n\n\n<hr class=\"wp-block-separator has-text-color has-css-opacity has-background is-style-wide\" style=\"background-color:#000000;color:#000000\"\/>\n\n\n\n<figure class=\"wp-block-image aligncenter size-full is-resized\"><img loading=\"lazy\" decoding=\"async\" width=\"1200\" height=\"850\" src=\"https:\/\/afaamistat.cat\/wp-content\/uploads\/2025\/07\/paf_logo.jpeg\" alt=\"\" class=\"wp-image-2135\" style=\"width:229px;height:auto\" srcset=\"https:\/\/afaamistat.cat\/wp-content\/uploads\/2025\/07\/paf_logo.jpeg 1200w, https:\/\/afaamistat.cat\/wp-content\/uploads\/2025\/07\/paf_logo-300x213.jpeg 300w, https:\/\/afaamistat.cat\/wp-content\/uploads\/2025\/07\/paf_logo-1024x725.jpeg 1024w, https:\/\/afaamistat.cat\/wp-content\/uploads\/2025\/07\/paf_logo-768x544.jpeg 768w\" sizes=\"auto, (max-width: 1200px) 100vw, 1200px\" \/><\/figure>\n\n\n\n<ul class=\"wp-block-list has-normal-font-size\">\n<li>Empresa: Patinatge Art\u00edstic Figueres<\/li>\n\n\n\n<li>Edats: de i5 a 6\u00e8<\/li>\n\n\n\n<li>Preu: 25\u20ac\/mes<\/li>\n\n\n\n<li>Horaris: Dijous de 16:30 a 17:30<\/li>\n<\/ul>\n\n\n\n<p class=\"wp-block-paragraph\"><strong>Inscripcions:<br>Mail: <a href=\"mailto:patinatge.artistic.figueres@gmail.com\">patinatge.artistic.figueres@gmail.com<\/a><br>Telf: 635 713 988<\/strong><\/p>\n<\/div>\n<\/div>\n\n\n\n<p class=\"wp-block-paragraph\"><\/p>\n\n\n\n<div class=\"wp-block-columns alignwide is-style-default is-layout-flex wp-container-core-columns-is-layout-7387b849 wp-block-columns-is-layout-flex\">\n<div class=\"wp-block-column has-text-color has-background has-link-color wp-elements-4 is-layout-flow wp-block-column-is-layout-flow\" style=\"color:#000000;background-color:#c0ebf1;padding-top:2em;padding-right:2em;padding-bottom:2em;padding-left:2em\">\n<h2 id=\"judo\" class=\"wp-block-heading has-black-color has-text-color has-large-font-size\"><strong>Judo<\/strong><\/h2>\n\n\n\n<p class=\"has-normal-font-size wp-block-paragraph\"><strong>Apr\u00e8n aquesta art marcial japonesa moderna<\/strong>.<\/p>\n\n\n\n<hr class=\"wp-block-separator has-text-color has-black-color has-css-opacity has-black-background-color has-background is-style-wide\"\/>\n\n\n\n<figure class=\"wp-block-image aligncenter size-full\"><img loading=\"lazy\" decoding=\"async\" width=\"150\" height=\"150\" src=\"https:\/\/afaamistat.cat\/wp-content\/uploads\/2026\/08\/image.png\" alt=\"\" class=\"wp-image-2434\"\/><\/figure>\n\n\n\n<ul class=\"wp-block-list has-normal-font-size\">\n<li>Empresa: Gimn\u00e0s Savas<\/li>\n\n\n\n<li>Edats: de i4 a 6\u00e9<\/li>\n\n\n\n<li>Preu: 24\u20ac\/mes + 15\u20ac d&#8217;asseguran\u00e7a esportiva<\/li>\n\n\n\n<li>Horaris: Divendres de 16:30 a 18:00<\/li>\n<\/ul>\n\n\n\n<p class=\"wp-block-paragraph\"><strong>Inscripcions:<\/strong><br><strong>Tel\u00e8fon: 972501775<\/strong><br><strong>Mail: gimsavas@gmail.com<\/strong><\/p>\n<\/div>\n\n\n\n<div class=\"wp-block-column has-vivid-green-cyan-background-color has-text-color has-background has-link-color wp-elements-5 is-layout-flow wp-block-column-is-layout-flow\" style=\"color:#000000;padding-top:2em;padding-right:2em;padding-bottom:2em;padding-left:2em\">\n<h2 id=\"petits-musics\" class=\"wp-block-heading has-black-color has-text-color\" style=\"font-size:40px\"><strong>Petits M\u00fasics <\/strong><\/h2>\n\n\n\n<p class=\"has-normal-font-size wp-block-paragraph\"><strong>Un espai per descobrir la m\u00fasica jugant, experimentant i expressant-se amb la veu, els instruments i els sons. Aprenem amb tots els sentits, en un ambient alegre, segur i ple de curiositat!<\/strong><\/p>\n\n\n\n<hr class=\"wp-block-separator has-text-color has-black-color has-css-opacity has-black-background-color has-background is-style-wide\"\/>\n\n\n\n<figure class=\"wp-block-image aligncenter size-full is-resized\"><img loading=\"lazy\" decoding=\"async\" width=\"533\" height=\"202\" src=\"https:\/\/afaamistat.cat\/wp-content\/uploads\/2026\/08\/logotip-LUDIS.png\" alt=\"\" class=\"wp-image-2437\" style=\"width:216px;height:auto\" srcset=\"https:\/\/afaamistat.cat\/wp-content\/uploads\/2026\/08\/logotip-LUDIS.png 533w, https:\/\/afaamistat.cat\/wp-content\/uploads\/2026\/08\/logotip-LUDIS-300x114.png 300w\" sizes=\"auto, (max-width: 533px) 100vw, 533px\" \/><\/figure>\n\n\n\n<ul class=\"wp-block-list has-normal-font-size\">\n<li>Empresa: Ludis<\/li>\n\n\n\n<li>Edats: de i3 a i5<\/li>\n\n\n\n<li>Preu: 35\u20ac\/mes o 132\u20ac\/cuatrimestre<\/li>\n\n\n\n<li>Horaris: Dilluns al migdia<\/li>\n<\/ul>\n\n\n\n<p class=\"wp-block-paragraph\"><strong>Inscripcions: <\/strong><\/p>\n\n\n\n<div class=\"wp-block-buttons is-layout-flex wp-block-buttons-is-layout-flex\">\n<div style=\"--wp--block-button--width: 100;\" class=\"wp-block-button has-custom-width wp-block-button__width wp-block-button__width-100\"><a class=\"wp-block-button__link has-ast-global-color-5-color has-black-background-color has-text-color has-background has-link-color wp-element-button\" href=\"https:\/\/www.ludis.cat\/ca\/extraescolars\/\">Inscripci\u00f3<\/a><\/div>\n<\/div>\n<\/div>\n<\/div>\n\n\n\n<p class=\"wp-block-paragraph\"><\/p>\n\n\n\n<div class=\"wp-block-columns alignwide is-style-default is-layout-flex wp-container-core-columns-is-layout-7387b849 wp-block-columns-is-layout-flex\">\n<div class=\"wp-block-column has-text-color has-background has-link-color wp-elements-6 is-layout-flow wp-block-column-is-layout-flow\" style=\"color:#000000;background-color:#c3dd92;padding-top:2em;padding-right:2em;padding-bottom:2em;padding-left:2em\">\n<h2 id=\"art\" class=\"wp-block-heading has-black-color has-text-color\" style=\"font-size:40px\"><strong>Taller d&#8217;art<\/strong><\/h2>\n\n\n\n<p class=\"wp-block-paragraph\"><strong>L&#8217;Art d&#8217;experimentar amb diferents formes d\u2019expressi\u00f3 pl\u00e0stica, com la pintura, el collage, el dibuix i, especialment, t\u00e8cniques d\u2019estampaci\u00f3 com la serigrafia, el gravat o la monot\u00edpia.<\/strong><\/p>\n\n\n\n<hr class=\"wp-block-separator has-text-color has-black-color has-css-opacity has-black-background-color has-background is-style-wide\"\/>\n\n\n\n<figure class=\"wp-block-image aligncenter size-full\"><img loading=\"lazy\" decoding=\"async\" width=\"2560\" height=\"492\" src=\"https:\/\/afaamistat.cat\/wp-content\/uploads\/2025\/07\/logo_macula-scaled.png\" alt=\"\" class=\"wp-image-2140\" srcset=\"https:\/\/afaamistat.cat\/wp-content\/uploads\/2025\/07\/logo_macula-scaled.png 2560w, https:\/\/afaamistat.cat\/wp-content\/uploads\/2025\/07\/logo_macula-300x58.png 300w, https:\/\/afaamistat.cat\/wp-content\/uploads\/2025\/07\/logo_macula-1024x197.png 1024w, https:\/\/afaamistat.cat\/wp-content\/uploads\/2025\/07\/logo_macula-768x148.png 768w, https:\/\/afaamistat.cat\/wp-content\/uploads\/2025\/07\/logo_macula-1536x295.png 1536w, https:\/\/afaamistat.cat\/wp-content\/uploads\/2025\/07\/logo_macula-2048x394.png 2048w\" sizes=\"auto, (max-width: 2560px) 100vw, 2560px\" \/><\/figure>\n\n\n\n<ul class=\"wp-block-list has-normal-font-size\">\n<li>Empresa: La M\u00e0cula<\/li>\n\n\n\n<li>Edats: de i5 a 6\u00e8<\/li>\n\n\n\n<li>Preu: 27\u20ac\/mes + 23\u20ac de material<\/li>\n\n\n\n<li>Horaris: Divendres al migdia<\/li>\n<\/ul>\n\n\n\n<p class=\"wp-block-paragraph\"><strong>Inscripcions: <br>Whatsapp: 600334200<\/strong><br><strong>Mail: hola@lamacula.cat<\/strong><\/p>\n<\/div>\n\n\n\n<div class=\"wp-block-column has-text-color has-background has-link-color wp-elements-7 is-layout-flow wp-block-column-is-layout-flow\" style=\"color:#000000;background-color:#00000029;padding-top:2em;padding-right:2em;padding-bottom:2em;padding-left:2em\">\n<h2 id=\"teatre\" class=\"wp-block-heading has-black-color has-text-color\" style=\"font-size:40px\"><strong>Teatre<\/strong><\/h2>\n\n\n\n<p class=\"has-normal-font-size wp-block-paragraph\"><strong>Desenvolupem la vessant creativa a partir de l\u2019expressi\u00f3 oral i corporal.<\/strong><\/p>\n\n\n\n<hr class=\"wp-block-separator has-text-color has-black-color has-css-opacity has-black-background-color has-background is-style-wide\"\/>\n\n\n\n<figure class=\"wp-block-image aligncenter size-full\"><img loading=\"lazy\" decoding=\"async\" width=\"498\" height=\"181\" src=\"https:\/\/afaamistat.cat\/wp-content\/uploads\/2024\/05\/logo-aula-de-teatre.jpg\" alt=\"\" class=\"wp-image-1853\" srcset=\"https:\/\/afaamistat.cat\/wp-content\/uploads\/2024\/05\/logo-aula-de-teatre.jpg 498w, https:\/\/afaamistat.cat\/wp-content\/uploads\/2024\/05\/logo-aula-de-teatre-300x109.jpg 300w\" sizes=\"auto, (max-width: 498px) 100vw, 498px\" \/><\/figure>\n\n\n\n<ul class=\"wp-block-list has-normal-font-size\">\n<li>Entitat: Aula de Teatre<\/li>\n\n\n\n<li>Edats: de i3 a 6\u00e8<\/li>\n\n\n\n<li>Preu: 30\u20ac\/trimestre<\/li>\n\n\n\n<li>Horaris: Dilluns i dimarts al migdia<\/li>\n<\/ul>\n\n\n\n<p class=\"wp-block-paragraph\">*Per aquesta activitat extraescolar no cal ser soci de l&#8217;AFA.<\/p>\n\n\n\n<figure class=\"wp-block-embed is-type-video is-provider-youtube wp-block-embed-youtube wp-embed-aspect-16-9 wp-has-aspect-ratio\"><div class=\"wp-block-embed__wrapper\">\n<iframe loading=\"lazy\" title=\"AULA DE TEATRE | EXTRAESCOLARS DE L&amp;apos;AULA\" width=\"500\" height=\"281\" src=\"https:\/\/www.youtube.com\/embed\/SJ6Eaff-GPk?feature=oembed\" frameborder=\"0\" allow=\"accelerometer; autoplay; clipboard-write; encrypted-media; gyroscope; picture-in-picture; web-share\" referrerpolicy=\"strict-origin-when-cross-origin\" allowfullscreen><\/iframe>\n<\/div><\/figure>\n\n\n\n<p class=\"has-link-color wp-elements-8 wp-block-paragraph\"><strong>Inscripcions: <\/strong><br>Envieu aquest formulari a:<br><strong>info@aulateatrefigueres.cat<\/strong><\/p>\n<\/div>\n\n\n\n<div class=\"wp-block-column has-text-color has-background has-link-color wp-elements-9 is-layout-flow wp-block-column-is-layout-flow\" style=\"color:#000000;background-color:#ffe97d;padding-top:2em;padding-right:2em;padding-bottom:2em;padding-left:2em\">\n<h2 id=\"escacs\" class=\"wp-block-heading has-black-color has-text-color has-large-font-size\"><strong>Escacs<\/strong><\/h2>\n\n\n\n<p class=\"has-normal-font-size wp-block-paragraph\" style=\"line-height:1.5\"><strong>Veniu a aprendre i con\u00e8ixer aquest gran joc.<\/strong><\/p>\n\n\n\n<hr class=\"wp-block-separator has-text-color has-css-opacity has-background is-style-wide\" style=\"background-color:#000000;color:#000000\"\/>\n\n\n\n<p class=\"wp-block-paragraph\"><\/p>\n\n\n\n<figure class=\"wp-block-image size-full\"><img loading=\"lazy\" decoding=\"async\" width=\"306\" height=\"123\" src=\"http:\/\/afaamistat.cat\/wp-content\/uploads\/2022\/06\/escacs.png\" alt=\"\" class=\"wp-image-1022\" srcset=\"https:\/\/afaamistat.cat\/wp-content\/uploads\/2022\/06\/escacs.png 306w, https:\/\/afaamistat.cat\/wp-content\/uploads\/2022\/06\/escacs-300x121.png 300w\" sizes=\"auto, (max-width: 306px) 100vw, 306px\" \/><\/figure>\n\n\n\n<ul class=\"wp-block-list has-normal-font-size\">\n<li>Empresa: Club d&#8217;Escacs Figueres<\/li>\n\n\n\n<li>Edats: de 1r a 6\u00e9<\/li>\n\n\n\n<li>Preu: 140\u20ac tot el curs*<\/li>\n\n\n\n<li>Horaris: Dijous al migdia<\/li>\n<\/ul>\n\n\n\n<p class=\"wp-block-paragraph\">*Per aquesta activitat extraescolar no cal ser soci de l&#8217;AFA.<\/p>\n\n\n\n<p class=\"wp-block-paragraph\"><strong>Inscripcions:<\/strong><br><strong>WhatsApp: 670213132<br>Mail: escacsfigueres@gmail.com<\/strong><\/p>\n\n\n\n<p class=\"has-small-font-size wp-block-paragraph\">*El preu es pot reduir molt segons les possibles subvencions que pugui aportar l&#8217;Ajuntament.<br>* S&#8217;afegir\u00e0 al preu l&#8217;asseguran\u00e7a per accidents.<\/p>\n<\/div>\n<\/div>\n\n\n\n<p class=\"wp-block-paragraph\"><\/p>\n\n\n\n<div class=\"wp-block-columns alignwide is-style-default is-layout-flex wp-container-core-columns-is-layout-7387b849 wp-block-columns-is-layout-flex\">\n<div class=\"wp-block-column has-text-color has-background has-link-color wp-elements-10 is-layout-flow wp-block-column-is-layout-flow\" style=\"color:#000000;background-color:#f1ef93;padding-top:2em;padding-right:2em;padding-bottom:2em;padding-left:2em\">\n<h2 id=\"angles\" class=\"wp-block-heading has-black-color has-text-color\" style=\"font-size:40px\"><strong>Angl\u00e8s<\/strong><\/h2>\n\n\n\n<p class=\"has-normal-font-size wp-block-paragraph\" style=\"line-height:1.5\"><strong>Classes d&#8217;angl\u00e8s per a tots els nivells.<\/strong><\/p>\n\n\n\n<hr class=\"wp-block-separator has-text-color has-css-opacity has-background is-style-wide\" style=\"background-color:#000000;color:#000000\"\/>\n\n\n\n<ul class=\"wp-block-list has-normal-font-size\">\n<li>Empresa: Lycee Escola d&#8217;idiomes<\/li>\n\n\n\n<li>Edats: de i3 a 6\u00e8<\/li>\n\n\n\n<li>Preu: 35\u20ac\/mes + 25\u20ac matr\u00edcula anual<\/li>\n\n\n\n<li>Horaris: Dimarts i Dimecres al migdia<\/li>\n<\/ul>\n\n\n\n<p class=\"wp-block-paragraph\"><\/p>\n<\/div>\n\n\n\n<div class=\"wp-block-column has-text-color has-background has-link-color wp-elements-11 is-layout-flow wp-block-column-is-layout-flow\" style=\"color:#000000;background-color:#f0d1f0;padding-top:2em;padding-right:2em;padding-bottom:2em;padding-left:2em\">\n<h2 id=\"robotica\" class=\"wp-block-heading has-black-color has-text-color\" style=\"font-size:40px\"><strong>Rob\u00f2tica<\/strong><\/h2>\n\n\n\n<p class=\"has-normal-font-size wp-block-paragraph\" style=\"line-height:1.5\"><strong>Crea, programa i descobreix la tecnologia jugant<\/strong><\/p>\n\n\n\n<hr class=\"wp-block-separator has-text-color has-css-opacity has-background is-style-wide\" style=\"background-color:#000000;color:#000000\"\/>\n\n\n\n<figure class=\"wp-block-image aligncenter size-full is-resized\"><img loading=\"lazy\" decoding=\"async\" width=\"2490\" height=\"2560\" src=\"https:\/\/afaamistat.cat\/wp-content\/uploads\/2026\/08\/LOGO-NOVAERUDITO-1-scaled.png\" alt=\"\" class=\"wp-image-2435\" style=\"width:278px;height:auto\" srcset=\"https:\/\/afaamistat.cat\/wp-content\/uploads\/2026\/08\/LOGO-NOVAERUDITO-1-scaled.png 2490w, https:\/\/afaamistat.cat\/wp-content\/uploads\/2026\/08\/LOGO-NOVAERUDITO-1-292x300.png 292w, https:\/\/afaamistat.cat\/wp-content\/uploads\/2026\/08\/LOGO-NOVAERUDITO-1-768x789.png 768w, https:\/\/afaamistat.cat\/wp-content\/uploads\/2026\/08\/LOGO-NOVAERUDITO-1-996x1024.png 996w, https:\/\/afaamistat.cat\/wp-content\/uploads\/2026\/08\/LOGO-NOVAERUDITO-1-1494x1536.png 1494w, https:\/\/afaamistat.cat\/wp-content\/uploads\/2026\/08\/LOGO-NOVAERUDITO-1-1992x2048.png 1992w\" sizes=\"auto, (max-width: 2490px) 100vw, 2490px\" \/><\/figure>\n\n\n\n<p class=\"wp-block-paragraph\"><\/p>\n\n\n\n<ul class=\"wp-block-list has-normal-font-size\">\n<li>Empresa: Nova Eruditio<\/li>\n\n\n\n<li>Edats: de i3 a 6\u00e8<\/li>\n\n\n\n<li>Preu: 42\u20ac\/mes + 50\u20ac anuals de matr\u00edcula<\/li>\n\n\n\n<li>Horaris: Dilluns, Dimarts i Dijous al migdia<\/li>\n<\/ul>\n\n\n\n<p class=\"wp-block-paragraph\"><\/p>\n\n\n\n<div class=\"wp-block-buttons alignfull is-horizontal is-content-justification-center is-layout-flex wp-container-core-buttons-is-layout-cbcdc57d wp-block-buttons-is-layout-flex\">\n<div style=\"--wp--block-button--width: 100;\" class=\"wp-block-button is-style-outline has-custom-width wp-block-button__width wp-block-button__width-100 is-style-outline--1\"><a class=\"wp-block-button__link has-ast-global-color-5-color has-ast-global-color-8-background-color has-text-color has-background wp-element-button\" href=\"https:\/\/forms.gle\/ycnXCwRpSmvqVZmd6\" target=\"_blank\" rel=\"noreferrer noopener\">Inscripci\u00f3<\/a><\/div>\n<\/div>\n<\/div>\n\n\n\n<div class=\"wp-block-column has-text-color has-background has-link-color wp-elements-12 is-layout-flow wp-block-column-is-layout-flow\" style=\"color:#000000;background-color:#ead191;padding-top:2em;padding-right:2em;padding-bottom:2em;padding-left:2em\">\n<h2 id=\"ukelele\" class=\"wp-block-heading has-black-color has-text-color\" style=\"font-size:40px\"><strong>Conjunt d&#8217;Ukeleles<\/strong><\/h2>\n\n\n\n<p class=\"has-normal-font-size wp-block-paragraph\" style=\"line-height:1.5\"><strong>Lectoescriptura i educaci\u00f3 musical des de la pedagogia Orff-Schulwerk. Desenvolupa les teves habilitats a trav\u00e9s de la creaci\u00f3 i la improvisaci\u00f3!<\/strong><\/p>\n\n\n\n<hr class=\"wp-block-separator has-text-color has-black-color has-css-opacity has-black-background-color has-background is-style-wide\"\/>\n\n\n\n<figure class=\"wp-block-image aligncenter size-full\"><img loading=\"lazy\" decoding=\"async\" width=\"306\" height=\"123\" src=\"http:\/\/afaamistat.cat\/wp-content\/uploads\/2022\/06\/conarte.png\" alt=\"\" class=\"wp-image-1030\" srcset=\"https:\/\/afaamistat.cat\/wp-content\/uploads\/2022\/06\/conarte.png 306w, https:\/\/afaamistat.cat\/wp-content\/uploads\/2022\/06\/conarte-300x121.png 300w\" sizes=\"auto, (max-width: 306px) 100vw, 306px\" \/><\/figure>\n\n\n\n<ul class=\"wp-block-list has-normal-font-size\">\n<li>Empresa: ConArte<\/li>\n\n\n\n<li>Edats: de 4t a 6\u00e8<\/li>\n\n\n\n<li>Preu: 40\u20ac\/any (inclou lloguer d&#8217;ukelele i material per les classes)<\/li>\n\n\n\n<li>Horaris: Dimarts i divendres al migdia<\/li>\n<\/ul>\n\n\n\n<p class=\"wp-block-paragraph\">*Per aquesta activitat extraescolar no cal ser soci de l&#8217;AFA.<\/p>\n\n\n\n<figure class=\"wp-block-embed is-type-video is-provider-youtube wp-block-embed-youtube wp-embed-aspect-16-9 wp-has-aspect-ratio\"><div class=\"wp-block-embed__wrapper\">\n<iframe loading=\"lazy\" title=\"ConArte extraescolars ukelele\" width=\"500\" height=\"281\" src=\"https:\/\/www.youtube.com\/embed\/U1X91cxQhXw?feature=oembed\" frameborder=\"0\" allow=\"accelerometer; autoplay; clipboard-write; encrypted-media; gyroscope; picture-in-picture; web-share\" referrerpolicy=\"strict-origin-when-cross-origin\" allowfullscreen><\/iframe>\n<\/div><\/figure>\n\n\n\n<p class=\"wp-block-paragraph\"><strong>Inscripcions: conarteinternacional@gmail.com<\/strong><\/p>\n\n\n\n<p class=\"wp-block-paragraph\" style=\"font-size:16px\"><\/p>\n<\/div>\n<\/div>\n\n\n\n<p class=\"wp-block-paragraph\"><\/p>\n\n\n\n<hr class=\"wp-block-separator has-text-color has-black-color has-alpha-channel-opacity has-black-background-color has-background is-style-wide\"\/>\n\n\n\n<p class=\"has-text-align-center wp-block-paragraph\"><strong>Totes les activitats extraescolars requereixen un m\u00ednim d&#8217;alumnes que pot variar segons activitat i grup. <br>Si no s&#8217;assoleix el m\u00ednim, no es podr\u00e0 oferir l&#8217;activitat prevista.<\/strong><\/p>\n\n\n\n<p class=\"has-text-align-center wp-block-paragraph\">\u00c9s <strong>IMPORTANT<\/strong> que recordeu que, per participar en les activitats extraescolars cal ser soci de l\u2019AFA. En el cas de les activitats <strong>subvencionades<\/strong>, per\u00f2, no \u00e9s necessari ser-ne soci per participar-hi.<\/p>\n\n\n\n<p class=\"wp-block-paragraph\"><\/p>\n","protected":false},"excerpt":{"rendered":"<p>Oferta d&#8217;activitats Extraescolars pel curs 2026\/27 Extraescolars de Migdia HORARI\/CURS DILLUNS DIMARTS DIMECRES DIJOUS DIVENDRES 12:00 &#8211; 13:00 TEATRE(4t-6\u00e8) ROB\u00d2TICA(1r-3r) ROB\u00d2TICA(4t-6\u00e8) ESCACS(4t-6\u00e8) TALLER D&#8217;ART(i5-2n) 13:00 &#8211; 14:00 PETITS M\u00daSICS(i3-i5) ANGL\u00c8S(i3-i5) UKELELE(4t) ANGL\u00c8S(1r-3r) ROB\u00d2TICA(4t-6\u00e8) POTI POTI(i3-i5) TALLER D&#8217;ART(3r-6\u00e8) UKELELE(6\u00e8) 14:00 &#8211; 15:00 ROB\u00d2TICA(i3-i5) DANSA(1r-6\u00e8) TEATRE(i3-i5) UKELELE(5\u00e8) ANGL\u00c8S(i3-i5) ESCACS(1r-3r) CIRC(3r-6\u00e8) Alguns dels horaris s\u00f3n aproximats, ja que [&hellip;]<\/p>\n","protected":false},"author":9,"featured_media":0,"parent":0,"menu_order":0,"comment_status":"closed","ping_status":"closed","template":"","meta":{"site-sidebar-layout":"default","site-content-layout":"","ast-site-content-layout":"default","site-content-style":"default","site-sidebar-style":"default","ast-global-header-display":"","ast-banner-title-visibility":"","ast-main-header-display":"","ast-hfb-above-header-display":"","ast-hfb-below-header-display":"","ast-hfb-mobile-header-display":"","site-post-title":"","ast-breadcrumbs-content":"","ast-featured-img":"","footer-sml-layout":"","theme-transparent-header-meta":"","adv-header-id-meta":"","stick-header-meta":"","header-above-stick-meta":"","header-main-stick-meta":"","header-below-stick-meta":"","astra-migrate-meta-layouts":"set","ast-page-background-enabled":"default","ast-page-background-meta":{"desktop":{"background-color":"var(--ast-global-color-4)","background-image":"","background-repeat":"repeat","background-position":"center center","background-size":"auto","background-attachment":"scroll","background-type":"","background-media":"","overlay-type":"","overlay-color":"","overlay-opacity":"","overlay-gradient":""},"tablet":{"background-color":"","background-image":"","background-repeat":"repeat","background-position":"center center","background-size":"auto","background-attachment":"scroll","background-type":"","background-media":"","overlay-type":"","overlay-color":"","overlay-opacity":"","overlay-gradient":""},"mobile":{"background-color":"","background-image":"","background-repeat":"repeat","background-position":"center center","background-size":"auto","background-attachment":"scroll","background-type":"","background-media":"","overlay-type":"","overlay-color":"","overlay-opacity":"","overlay-gradient":""}},"ast-content-background-meta":{"desktop":{"background-color":"var(--ast-global-color-5)","background-image":"","background-repeat":"repeat","background-position":"center center","background-size":"auto","background-attachment":"scroll","background-type":"","background-media":"","overlay-type":"","overlay-color":"","overlay-opacity":"","overlay-gradient":""},"tablet":{"background-color":"var(--ast-global-color-5)","background-image":"","background-repeat":"repeat","background-position":"center center","background-size":"auto","background-attachment":"scroll","background-type":"","background-media":"","overlay-type":"","overlay-color":"","overlay-opacity":"","overlay-gradient":""},"mobile":{"background-color":"var(--ast-global-color-5)","background-image":"","background-repeat":"repeat","background-position":"center center","background-size":"auto","background-attachment":"scroll","background-type":"","background-media":"","overlay-type":"","overlay-color":"","overlay-opacity":"","overlay-gradient":""}},"footnotes":""},"class_list":["post-2433","page","type-page","status-publish","hentry"],"_links":{"self":[{"href":"https:\/\/afaamistat.cat\/index.php\/wp-json\/wp\/v2\/pages\/2433","targetHints":{"allow":["GET"]}}],"collection":[{"href":"https:\/\/afaamistat.cat\/index.php\/wp-json\/wp\/v2\/pages"}],"about":[{"href":"https:\/\/afaamistat.cat\/index.php\/wp-json\/wp\/v2\/types\/page"}],"author":[{"embeddable":true,"href":"https:\/\/afaamistat.cat\/index.php\/wp-json\/wp\/v2\/users\/9"}],"replies":[{"embeddable":true,"href":"https:\/\/afaamistat.cat\/index.php\/wp-json\/wp\/v2\/comments?post=2433"}],"version-history":[{"count":10,"href":"https:\/\/afaamistat.cat\/index.php\/wp-json\/wp\/v2\/pages\/2433\/revisions"}],"predecessor-version":[{"id":2454,"href":"https:\/\/afaamistat.cat\/index.php\/wp-json\/wp\/v2\/pages\/2433\/revisions\/2454"}],"wp:attachment":[{"href":"https:\/\/afaamistat.cat\/index.php\/wp-json\/wp\/v2\/media?parent=2433"}],"curies":[{"name":"wp","href":"https:\/\/api.w.org\/{rel}","templated":true}]}}