{"id":2456,"date":"2026-08-31T23:06:41","date_gmt":"2026-08-31T21:06:41","guid":{"rendered":"https:\/\/afaamistat.cat\/?page_id=2456"},"modified":"2026-08-31T23:06:41","modified_gmt":"2026-08-31T21:06:41","slug":"servei-dacollida-de-matins","status":"publish","type":"page","link":"https:\/\/afaamistat.cat\/index.php\/servei-dacollida-de-matins\/","title":{"rendered":"Servei d&#8217;acollida de matins"},"content":{"rendered":"\n<div style=\"height:33px\" aria-hidden=\"true\" class=\"wp-block-spacer\"><\/div>\n\n\n\n<h2 class=\"wp-block-heading\"><strong>Servei d&#8217;acollida (matins)<\/strong><\/h2>\n\n\n\n<div class=\"wp-block-columns is-layout-flex wp-container-core-columns-is-layout-7387b849 wp-block-columns-is-layout-flex\">\n<div class=\"wp-block-column is-layout-flow wp-block-column-is-layout-flow\">\n<p class=\"wp-block-paragraph\">L\u2019acollida matinal t\u00e9 com a finalitat facilitar la conciliaci\u00f3 de la vida laboral amb els horaris escolars. Un servei <strong>que oferim des de l\u2019AFA<\/strong>, seguint la continu\u00eftat pedag\u00f2gica de l\u2019escola. Oferim a nenes i nens un espai agradable mentre esperen l\u2019inici de la jornada escolar. Per omplir aquest espai de temps, se\u2019ls proposa fer diferents activitats, com ara dibuixar, pintar, llegir contes i joc lliure.<\/p>\n\n\n\n<p class=\"wp-block-paragraph\">Hi ha dues opcions d&#8217;\u00fas d&#8217;aquest servei segons si la fam\u00edlia necessita un servei fixe o un servei puntual.<\/p>\n\n\n\n<p class=\"has-text-align-center has-border-color has-light-green-cyan-border-color has-medium-font-size wp-block-paragraph\" style=\"border-width:3px\"><strong>IMPORTANT: <\/strong>\u00c9s obligatori que les fam\u00edlies que utilitzin el servei siguin s\u00f2cies de l&#8217;AFA, per tal que els infants quedin coberts per l&#8217;asseguran\u00e7a corresponent.<\/p>\n\n\n\n<h2 class=\"wp-block-heading\">Servei fix: cal fer inscripci\u00f3<\/h2>\n\n\n\n<p class=\"wp-block-paragraph\">Per utilitzar l&#8217;acollida de matins de manera fixe cal fer la inscripci\u00f3 al servei a trav\u00e9s del formulari del TPV Escola.<\/p>\n<\/div>\n\n\n\n<div class=\"wp-block-column is-layout-flow wp-block-column-is-layout-flow\">\n<figure class=\"wp-block-image size-large\"><img loading=\"lazy\" decoding=\"async\" width=\"1024\" height=\"1024\" src=\"https:\/\/afaamistat.cat\/wp-content\/uploads\/2026\/08\/PreusAcollida26-27-1024x1024.png\" alt=\"\" class=\"wp-image-2464\" srcset=\"https:\/\/afaamistat.cat\/wp-content\/uploads\/2026\/08\/PreusAcollida26-27-1024x1024.png 1024w, https:\/\/afaamistat.cat\/wp-content\/uploads\/2026\/08\/PreusAcollida26-27-300x300.png 300w, https:\/\/afaamistat.cat\/wp-content\/uploads\/2026\/08\/PreusAcollida26-27-150x150.png 150w, https:\/\/afaamistat.cat\/wp-content\/uploads\/2026\/08\/PreusAcollida26-27-768x768.png 768w, https:\/\/afaamistat.cat\/wp-content\/uploads\/2026\/08\/PreusAcollida26-27.png 1080w\" sizes=\"auto, (max-width: 1024px) 100vw, 1024px\" \/><\/figure>\n<\/div>\n<\/div>\n\n\n\n<div style=\"height:33px\" aria-hidden=\"true\" class=\"wp-block-spacer\"><\/div>\n\n\n\n<h2 class=\"wp-block-heading alignwide\">I si necessito el servei puntualment (de forma eventual), com ho faig?<\/h2>\n\n\n\n<div style=\"height:33px\" aria-hidden=\"true\" class=\"wp-block-spacer\"><\/div>\n\n\n\n<div class=\"wp-block-columns is-layout-flex wp-container-core-columns-is-layout-7387b849 wp-block-columns-is-layout-flex\">\n<div class=\"wp-block-column is-layout-flow wp-block-column-is-layout-flow\">\n<p class=\"wp-block-paragraph\">1. Per accedir al servei un dia o dies concrets, cal comprar tiquets per els infants i dies necessaris a trav\u00e9s del TPV Escola.<\/p>\n\n\n\n<p class=\"wp-block-paragraph\">Indicacions de com comprar abonaments mensuals o tiquets espor\u00e0dics al TPV Escola:<\/p>\n\n\n\n<figure class=\"wp-block-embed is-type-video is-provider-youtube wp-block-embed-youtube wp-embed-aspect-16-9 wp-has-aspect-ratio\"><div class=\"wp-block-embed__wrapper\">\n<iframe loading=\"lazy\" title=\"Tiquets espora\u0300dics de menjador\" width=\"500\" height=\"281\" src=\"https:\/\/www.youtube.com\/embed\/cRn-xl46GMo?feature=oembed\" frameborder=\"0\" allow=\"accelerometer; autoplay; clipboard-write; encrypted-media; gyroscope; picture-in-picture; web-share\" referrerpolicy=\"strict-origin-when-cross-origin\" allowfullscreen><\/iframe>\n<\/div><\/figure>\n<\/div>\n\n\n\n<div class=\"wp-block-column is-layout-flow wp-block-column-is-layout-flow\">\n<p class=\"wp-block-paragraph\">2. Un cop arribi el dia de fer-ne \u00fas, s&#8217;ha de validar el tiquet i confirmar per el dia corresponent.<\/p>\n\n\n\n<p class=\"wp-block-paragraph\">Indicacions de com validar els tiquets el dia que els volguem utilitzar: <a href=\"https:\/\/www.youtube.com\/watch?v=5A2Vvlq5KaU\">https:\/\/www.youtube.com\/watch?v=5A2Vvlq5KaU<\/a><\/p>\n\n\n\n<figure class=\"wp-block-image alignfull size-full\"><img loading=\"lazy\" decoding=\"async\" width=\"1880\" height=\"1041\" src=\"https:\/\/afaamistat.cat\/wp-content\/uploads\/2022\/04\/imatge-acollida-1.jpeg\" alt=\"\" class=\"wp-image-112\" srcset=\"https:\/\/afaamistat.cat\/wp-content\/uploads\/2022\/04\/imatge-acollida-1.jpeg 1880w, https:\/\/afaamistat.cat\/wp-content\/uploads\/2022\/04\/imatge-acollida-1-300x166.jpeg 300w, https:\/\/afaamistat.cat\/wp-content\/uploads\/2022\/04\/imatge-acollida-1-1024x567.jpeg 1024w, https:\/\/afaamistat.cat\/wp-content\/uploads\/2022\/04\/imatge-acollida-1-768x425.jpeg 768w, https:\/\/afaamistat.cat\/wp-content\/uploads\/2022\/04\/imatge-acollida-1-1536x851.jpeg 1536w\" sizes=\"auto, (max-width: 1880px) 100vw, 1880px\" \/><\/figure>\n<\/div>\n<\/div>\n\n\n\n<div style=\"height:30px\" aria-hidden=\"true\" class=\"wp-block-spacer\"><\/div>\n\n\n\n<div style=\"height:17px\" aria-hidden=\"true\" class=\"wp-block-spacer\"><\/div>\n\n\n\n<div class=\"has-ast-global-color-8-color has-pale-pink-background-color has-background\" style=\"border: 5px solid black; padding: 1em 1.5em;\">\n\n  <p class=\"has-text-align-left has-text-color has-medium-font-size\" style=\"margin:0 0 0.75em 0;\">\n    <strong>AV\u00cdS IMPORTANT! El preu d&#8217;aquest curs \u00e9s excepcional gr\u00e0cies a una subvenci\u00f3 rebuda. En cas que no s&#8217;obtingui cap subvenci\u00f3, aquests preus no es podran mantenir.<\/strong>\n  <\/p>\n\n  <img decoding=\"async\" src=\"http:\/\/afaamistat.cat\/wp-content\/uploads\/2026\/06\/Logo-Subvencio.png\" alt=\"Logos subvenci\u00f3\" style=\"max-width:100%; height:auto; display:block;\">\n\n<\/div>\n\n\n\n<div style=\"height:35px\" aria-hidden=\"true\" class=\"wp-block-spacer\"><\/div>\n\n\n\n<h2 class=\"wp-block-heading\"><strong>Servei d&#8217;acollida (tardes)<\/strong><\/h2>\n\n\n\n<p class=\"wp-block-paragraph\"><strong>L\u2019acollida de tarda<\/strong>\u00a0t\u00e9 com a objectiu facilitar la conciliaci\u00f3 de la vida laboral amb els horaris escolars, oferint un espai de confian\u00e7a per als infants despr\u00e9s de la jornada escolar. Enguany aquest servei no el podem oferir directament des de l&#8217;AFA, per\u00f2 l&#8217;oferim a trav\u00e9s de l&#8217;extraescolar ludoteca de Ludis, podreu trobar m\u00e9s informaci\u00f3 a l&#8217;oferta d&#8217;extraescolars d&#8217;enguany.<\/p>\n\n\n\n<div style=\"height:100px\" aria-hidden=\"true\" class=\"wp-block-spacer\"><\/div>\n","protected":false},"excerpt":{"rendered":"<p>Servei d&#8217;acollida (matins) L\u2019acollida matinal t\u00e9 com a finalitat facilitar la conciliaci\u00f3 de la vida laboral amb els horaris escolars. Un servei que oferim des de l\u2019AFA, seguint la continu\u00eftat pedag\u00f2gica de l\u2019escola. Oferim a nenes i nens un espai agradable mentre esperen l\u2019inici de la jornada escolar. Per omplir aquest espai de temps, se\u2019ls [&hellip;]<\/p>\n","protected":false},"author":6,"featured_media":0,"parent":0,"menu_order":0,"comment_status":"closed","ping_status":"closed","template":"","meta":{"site-sidebar-layout":"default","site-content-layout":"","ast-site-content-layout":"default","site-content-style":"default","site-sidebar-style":"default","ast-global-header-display":"","ast-banner-title-visibility":"","ast-main-header-display":"","ast-hfb-above-header-display":"","ast-hfb-below-header-display":"","ast-hfb-mobile-header-display":"","site-post-title":"disabled","ast-breadcrumbs-content":"","ast-featured-img":"","footer-sml-layout":"","theme-transparent-header-meta":"","adv-header-id-meta":"","stick-header-meta":"","header-above-stick-meta":"","header-main-stick-meta":"","header-below-stick-meta":"","astra-migrate-meta-layouts":"set","ast-page-background-enabled":"default","ast-page-background-meta":{"desktop":{"background-color":"var(--ast-global-color-4)","background-image":"","background-repeat":"repeat","background-position":"center center","background-size":"auto","background-attachment":"scroll","background-type":"","background-media":"","overlay-type":"","overlay-color":"","overlay-opacity":"","overlay-gradient":""},"tablet":{"background-color":"","background-image":"","background-repeat":"repeat","background-position":"center center","background-size":"auto","background-attachment":"scroll","background-type":"","background-media":"","overlay-type":"","overlay-color":"","overlay-opacity":"","overlay-gradient":""},"mobile":{"background-color":"","background-image":"","background-repeat":"repeat","background-position":"center center","background-size":"auto","background-attachment":"scroll","background-type":"","background-media":"","overlay-type":"","overlay-color":"","overlay-opacity":"","overlay-gradient":""}},"ast-content-background-meta":{"desktop":{"background-color":"var(--ast-global-color-5)","background-image":"","background-repeat":"repeat","background-position":"center center","background-size":"auto","background-attachment":"scroll","background-type":"","background-media":"","overlay-type":"","overlay-color":"","overlay-opacity":"","overlay-gradient":""},"tablet":{"background-color":"var(--ast-global-color-5)","background-image":"","background-repeat":"repeat","background-position":"center center","background-size":"auto","background-attachment":"scroll","background-type":"","background-media":"","overlay-type":"","overlay-color":"","overlay-opacity":"","overlay-gradient":""},"mobile":{"background-color":"var(--ast-global-color-5)","background-image":"","background-repeat":"repeat","background-position":"center center","background-size":"auto","background-attachment":"scroll","background-type":"","background-media":"","overlay-type":"","overlay-color":"","overlay-opacity":"","overlay-gradient":""}},"footnotes":""},"class_list":["post-2456","page","type-page","status-publish","hentry"],"_links":{"self":[{"href":"https:\/\/afaamistat.cat\/index.php\/wp-json\/wp\/v2\/pages\/2456","targetHints":{"allow":["GET"]}}],"collection":[{"href":"https:\/\/afaamistat.cat\/index.php\/wp-json\/wp\/v2\/pages"}],"about":[{"href":"https:\/\/afaamistat.cat\/index.php\/wp-json\/wp\/v2\/types\/page"}],"author":[{"embeddable":true,"href":"https:\/\/afaamistat.cat\/index.php\/wp-json\/wp\/v2\/users\/6"}],"replies":[{"embeddable":true,"href":"https:\/\/afaamistat.cat\/index.php\/wp-json\/wp\/v2\/comments?post=2456"}],"version-history":[{"count":23,"href":"https:\/\/afaamistat.cat\/index.php\/wp-json\/wp\/v2\/pages\/2456\/revisions"}],"predecessor-version":[{"id":2480,"href":"https:\/\/afaamistat.cat\/index.php\/wp-json\/wp\/v2\/pages\/2456\/revisions\/2480"}],"wp:attachment":[{"href":"https:\/\/afaamistat.cat\/index.php\/wp-json\/wp\/v2\/media?parent=2456"}],"curies":[{"name":"wp","href":"https:\/\/api.w.org\/{rel}","templated":true}]}}